{"id":866,"date":"2021-06-25T06:55:52","date_gmt":"2021-06-25T07:55:52","guid":{"rendered":"http:\/\/trojcazambrow.pl\/?page_id=866"},"modified":"2021-09-03T05:11:47","modified_gmt":"2021-09-03T06:11:47","slug":"katechezy-o-prymasie-wyszynskim","status":"publish","type":"page","link":"https:\/\/trojcazambrow.pl\/index.php\/katechezy-o-prymasie-wyszynskim\/","title":{"rendered":"Katechezy o Prymasie Wyszy\u0144skim"},"content":{"rendered":"\n<figure class=\"wp-block-embed-wordpress wp-block-embed is-type-wp-embed is-provider-parafia-trojcy-przenajswietszej\"><div class=\"wp-block-embed__wrapper\">\n<blockquote class=\"wp-embedded-content\" data-secret=\"UoQEucWMMU\"><a href=\"https:\/\/trojcazambrow.pl\/index.php\/katecheza-1-niedziela-13-06-2021-r\/\">Katecheza 1 \u2013 Niedziela 13.06.2021 r.<\/a><\/blockquote><iframe loading=\"lazy\" class=\"wp-embedded-content\" sandbox=\"allow-scripts\" security=\"restricted\" style=\"position: absolute; clip: rect(1px, 1px, 1px, 1px);\" title=\"&#8222;Katecheza 1 \u2013 Niedziela 13.06.2021 r.&#8221; &#8212; Parafia Tr\u00f3jcy Przenaj\u015bwi\u0119tszej\" src=\"https:\/\/trojcazambrow.pl\/index.php\/katecheza-1-niedziela-13-06-2021-r\/embed\/#?secret=UoQEucWMMU\" data-secret=\"UoQEucWMMU\" width=\"600\" height=\"338\" frameborder=\"0\" marginwidth=\"0\" marginheight=\"0\" scrolling=\"no\"><\/iframe>\n<\/div><\/figure>\n\n\n\n<figure class=\"wp-block-embed-wordpress wp-block-embed is-type-wp-embed is-provider-parafia-trojcy-przenajswietszej\"><div class=\"wp-block-embed__wrapper\">\n<blockquote class=\"wp-embedded-content\" data-secret=\"gHBoCGopTG\"><a href=\"https:\/\/trojcazambrow.pl\/index.php\/katecheza-2-niedziela-20-06-2021-r\/\">Katecheza 2 \u2013 Niedziela 20.06.2021 r.<\/a><\/blockquote><iframe loading=\"lazy\" class=\"wp-embedded-content\" sandbox=\"allow-scripts\" security=\"restricted\" style=\"position: absolute; clip: rect(1px, 1px, 1px, 1px);\" title=\"&#8222;Katecheza 2 \u2013 Niedziela 20.06.2021 r.&#8221; &#8212; Parafia Tr\u00f3jcy Przenaj\u015bwi\u0119tszej\" src=\"https:\/\/trojcazambrow.pl\/index.php\/katecheza-2-niedziela-20-06-2021-r\/embed\/#?secret=gHBoCGopTG\" data-secret=\"gHBoCGopTG\" width=\"600\" height=\"338\" frameborder=\"0\" marginwidth=\"0\" marginheight=\"0\" scrolling=\"no\"><\/iframe>\n<\/div><\/figure>\n\n\n\n<figure class=\"wp-block-embed-wordpress wp-block-embed is-type-wp-embed is-provider-parafia-trojcy-przenajswietszej\"><div class=\"wp-block-embed__wrapper\">\n<blockquote class=\"wp-embedded-content\" data-secret=\"smjJNQIzNC\"><a href=\"https:\/\/trojcazambrow.pl\/index.php\/katecheza-3-prymas-tysiaclecia-i-rodzina\/\">Katecheza 3 &#8211; Niedziela 11 lipca 2021 r.<\/a><\/blockquote><iframe loading=\"lazy\" class=\"wp-embedded-content\" sandbox=\"allow-scripts\" security=\"restricted\" style=\"position: absolute; clip: rect(1px, 1px, 1px, 1px);\" title=\"&#8222;Katecheza 3 &#8211; Niedziela 11 lipca 2021 r.&#8221; &#8212; Parafia Tr\u00f3jcy Przenaj\u015bwi\u0119tszej\" src=\"https:\/\/trojcazambrow.pl\/index.php\/katecheza-3-prymas-tysiaclecia-i-rodzina\/embed\/#?secret=smjJNQIzNC\" data-secret=\"smjJNQIzNC\" width=\"600\" height=\"338\" frameborder=\"0\" marginwidth=\"0\" marginheight=\"0\" scrolling=\"no\"><\/iframe>\n<\/div><\/figure>\n\n\n\n<figure class=\"wp-block-embed-wordpress wp-block-embed is-type-wp-embed is-provider-parafia-trojcy-przenajswietszej\"><div class=\"wp-block-embed__wrapper\">\n<blockquote class=\"wp-embedded-content\" data-secret=\"K3TwSpi2IP\"><a href=\"https:\/\/trojcazambrow.pl\/index.php\/katecheza-4-niedziela-18-lipca-2021-r\/\">Katecheza 4 &#8211; Niedziela 18 lipca 2021 r.<\/a><\/blockquote><iframe loading=\"lazy\" class=\"wp-embedded-content\" sandbox=\"allow-scripts\" security=\"restricted\" style=\"position: absolute; clip: rect(1px, 1px, 1px, 1px);\" title=\"&#8222;Katecheza 4 &#8211; Niedziela 18 lipca 2021 r.&#8221; &#8212; Parafia Tr\u00f3jcy Przenaj\u015bwi\u0119tszej\" src=\"https:\/\/trojcazambrow.pl\/index.php\/katecheza-4-niedziela-18-lipca-2021-r\/embed\/#?secret=K3TwSpi2IP\" data-secret=\"K3TwSpi2IP\" width=\"600\" height=\"338\" frameborder=\"0\" marginwidth=\"0\" marginheight=\"0\" scrolling=\"no\"><\/iframe>\n<\/div><\/figure>\n\n\n\n<figure class=\"wp-block-embed-wordpress wp-block-embed is-type-wp-embed is-provider-parafia-trojcy-przenajswietszej\"><div class=\"wp-block-embed__wrapper\">\n<blockquote class=\"wp-embedded-content\" data-secret=\"hno3Q4AKMR\"><a href=\"https:\/\/trojcazambrow.pl\/index.php\/katecheza-5-niedziela-25-lipca-2021-r\/\">Katecheza 5 &#8211; Niedziela 25 lipca 2021 r.<\/a><\/blockquote><iframe loading=\"lazy\" class=\"wp-embedded-content\" sandbox=\"allow-scripts\" security=\"restricted\" style=\"position: absolute; clip: rect(1px, 1px, 1px, 1px);\" title=\"&#8222;Katecheza 5 &#8211; Niedziela 25 lipca 2021 r.&#8221; &#8212; Parafia Tr\u00f3jcy Przenaj\u015bwi\u0119tszej\" src=\"https:\/\/trojcazambrow.pl\/index.php\/katecheza-5-niedziela-25-lipca-2021-r\/embed\/#?secret=hno3Q4AKMR\" data-secret=\"hno3Q4AKMR\" width=\"600\" height=\"338\" frameborder=\"0\" marginwidth=\"0\" marginheight=\"0\" scrolling=\"no\"><\/iframe>\n<\/div><\/figure>\n\n\n\n<figure class=\"wp-block-embed-wordpress wp-block-embed is-type-wp-embed is-provider-parafia-trojcy-przenajswietszej\"><div class=\"wp-block-embed__wrapper\">\n<blockquote class=\"wp-embedded-content\" data-secret=\"bSYYLqAUrj\"><a href=\"https:\/\/trojcazambrow.pl\/index.php\/katecheza-6-niedziela-1-sierpnia-2021-r\/\">Katecheza 6 &#8211; Niedziela 1 sierpnia 2021 r.<\/a><\/blockquote><iframe loading=\"lazy\" class=\"wp-embedded-content\" sandbox=\"allow-scripts\" security=\"restricted\" style=\"position: absolute; clip: rect(1px, 1px, 1px, 1px);\" title=\"&#8222;Katecheza 6 &#8211; Niedziela 1 sierpnia 2021 r.&#8221; &#8212; Parafia Tr\u00f3jcy Przenaj\u015bwi\u0119tszej\" src=\"https:\/\/trojcazambrow.pl\/index.php\/katecheza-6-niedziela-1-sierpnia-2021-r\/embed\/#?secret=bSYYLqAUrj\" data-secret=\"bSYYLqAUrj\" width=\"600\" height=\"338\" frameborder=\"0\" marginwidth=\"0\" marginheight=\"0\" scrolling=\"no\"><\/iframe>\n<\/div><\/figure>\n\n\n\n<figure class=\"wp-block-embed-wordpress wp-block-embed is-type-wp-embed is-provider-parafia-trojcy-przenajswietszej\"><div class=\"wp-block-embed__wrapper\">\n<blockquote class=\"wp-embedded-content\" data-secret=\"Cq4bQkOO1w\"><a href=\"https:\/\/trojcazambrow.pl\/index.php\/katecheza-8-niedziela-8-sierpnia-2021-r\/\">Katecheza 7 &#8211; Niedziela 8 sierpnia 2021 r.<\/a><\/blockquote><iframe loading=\"lazy\" class=\"wp-embedded-content\" sandbox=\"allow-scripts\" security=\"restricted\" style=\"position: absolute; clip: rect(1px, 1px, 1px, 1px);\" title=\"&#8222;Katecheza 7 &#8211; Niedziela 8 sierpnia 2021 r.&#8221; &#8212; Parafia Tr\u00f3jcy Przenaj\u015bwi\u0119tszej\" src=\"https:\/\/trojcazambrow.pl\/index.php\/katecheza-8-niedziela-8-sierpnia-2021-r\/embed\/#?secret=Cq4bQkOO1w\" data-secret=\"Cq4bQkOO1w\" width=\"600\" height=\"338\" frameborder=\"0\" marginwidth=\"0\" marginheight=\"0\" scrolling=\"no\"><\/iframe>\n<\/div><\/figure>\n\n\n\n<figure class=\"wp-block-embed-wordpress wp-block-embed is-type-wp-embed is-provider-parafia-trojcy-przenajswietszej\"><div class=\"wp-block-embed__wrapper\">\n<blockquote class=\"wp-embedded-content\" data-secret=\"gYFRKL2dc0\"><a href=\"https:\/\/trojcazambrow.pl\/index.php\/test\/\">Katecheza 8 &#8211; Niedziela 15 sierpnia 2021 r.<\/a><\/blockquote><iframe loading=\"lazy\" class=\"wp-embedded-content\" sandbox=\"allow-scripts\" security=\"restricted\" style=\"position: absolute; clip: rect(1px, 1px, 1px, 1px);\" title=\"&#8222;Katecheza 8 &#8211; Niedziela 15 sierpnia 2021 r.&#8221; &#8212; Parafia Tr\u00f3jcy Przenaj\u015bwi\u0119tszej\" src=\"https:\/\/trojcazambrow.pl\/index.php\/test\/embed\/#?secret=gYFRKL2dc0\" data-secret=\"gYFRKL2dc0\" width=\"600\" height=\"338\" frameborder=\"0\" marginwidth=\"0\" marginheight=\"0\" scrolling=\"no\"><\/iframe>\n<\/div><\/figure>\n\n\n\n<figure class=\"wp-block-embed-wordpress wp-block-embed is-type-wp-embed is-provider-parafia-trojcy-przenajswietszej\"><div class=\"wp-block-embed__wrapper\">\n<blockquote class=\"wp-embedded-content\" data-secret=\"795OF4kjRb\"><a href=\"https:\/\/trojcazambrow.pl\/index.php\/katecheza-na-niedziele-22-sierpnia-2021-r\/\">Katecheza na niedziel\u0119 22 sierpnia 2021 r.<\/a><\/blockquote><iframe loading=\"lazy\" class=\"wp-embedded-content\" sandbox=\"allow-scripts\" security=\"restricted\" style=\"position: absolute; clip: rect(1px, 1px, 1px, 1px);\" title=\"&#8222;Katecheza na niedziel\u0119 22 sierpnia 2021 r.&#8221; &#8212; Parafia Tr\u00f3jcy Przenaj\u015bwi\u0119tszej\" src=\"https:\/\/trojcazambrow.pl\/index.php\/katecheza-na-niedziele-22-sierpnia-2021-r\/embed\/#?secret=795OF4kjRb\" data-secret=\"795OF4kjRb\" width=\"600\" height=\"338\" frameborder=\"0\" marginwidth=\"0\" marginheight=\"0\" scrolling=\"no\"><\/iframe>\n<\/div><\/figure>\n\n\n\n<figure class=\"wp-block-embed-wordpress wp-block-embed is-type-wp-embed is-provider-parafia-trojcy-przenajswietszej\"><div class=\"wp-block-embed__wrapper\">\n<blockquote class=\"wp-embedded-content\" data-secret=\"Z0AlywiLTD\"><a href=\"https:\/\/trojcazambrow.pl\/index.php\/katecheza-na-niedziele-29-sierpnia-2021-r\/\">Katecheza na niedziel\u0119 29 sierpnia 2021 r.<\/a><\/blockquote><iframe loading=\"lazy\" class=\"wp-embedded-content\" sandbox=\"allow-scripts\" security=\"restricted\" style=\"position: absolute; clip: rect(1px, 1px, 1px, 1px);\" title=\"&#8222;Katecheza na niedziel\u0119 29 sierpnia 2021 r.&#8221; &#8212; Parafia Tr\u00f3jcy Przenaj\u015bwi\u0119tszej\" src=\"https:\/\/trojcazambrow.pl\/index.php\/katecheza-na-niedziele-29-sierpnia-2021-r\/embed\/#?secret=Z0AlywiLTD\" data-secret=\"Z0AlywiLTD\" width=\"600\" height=\"338\" frameborder=\"0\" marginwidth=\"0\" marginheight=\"0\" scrolling=\"no\"><\/iframe>\n<\/div><\/figure>\n\n\n\n<figure class=\"wp-block-embed-wordpress wp-block-embed is-type-wp-embed is-provider-parafia-trojcy-przenajswietszej\"><div class=\"wp-block-embed__wrapper\">\n<blockquote class=\"wp-embedded-content\" data-secret=\"kZB6WAXA1J\"><a href=\"https:\/\/trojcazambrow.pl\/index.php\/katecheza-na-5-wrzesnia-2021-r\/\">Katecheza na 5 wrze\u015bnia 2021 r.<\/a><\/blockquote><iframe loading=\"lazy\" class=\"wp-embedded-content\" sandbox=\"allow-scripts\" security=\"restricted\" style=\"position: absolute; clip: rect(1px, 1px, 1px, 1px);\" title=\"&#8222;Katecheza na 5 wrze\u015bnia 2021 r.&#8221; &#8212; Parafia Tr\u00f3jcy Przenaj\u015bwi\u0119tszej\" src=\"https:\/\/trojcazambrow.pl\/index.php\/katecheza-na-5-wrzesnia-2021-r\/embed\/#?secret=kZB6WAXA1J\" data-secret=\"kZB6WAXA1J\" width=\"600\" height=\"338\" frameborder=\"0\" marginwidth=\"0\" marginheight=\"0\" scrolling=\"no\"><\/iframe>\n<\/div><\/figure>\n\n\n\n<figure class=\"wp-block-embed-wordpress wp-block-embed is-type-wp-embed is-provider-parafia-trojcy-przenajswietszej\"><div class=\"wp-block-embed__wrapper\">\n<blockquote class=\"wp-embedded-content\" data-secret=\"gbk8wfLkTV\"><a href=\"https:\/\/trojcazambrow.pl\/index.php\/katecheza-na-niedziela-12-wrzesnia-2021-r\/\">Katecheza na niedziela 12 wrze\u015bnia 2021 r.<\/a><\/blockquote><iframe loading=\"lazy\" class=\"wp-embedded-content\" sandbox=\"allow-scripts\" security=\"restricted\" style=\"position: absolute; clip: rect(1px, 1px, 1px, 1px);\" title=\"&#8222;Katecheza na niedziela 12 wrze\u015bnia 2021 r.&#8221; &#8212; Parafia Tr\u00f3jcy Przenaj\u015bwi\u0119tszej\" src=\"https:\/\/trojcazambrow.pl\/index.php\/katecheza-na-niedziela-12-wrzesnia-2021-r\/embed\/#?secret=gbk8wfLkTV\" data-secret=\"gbk8wfLkTV\" width=\"600\" height=\"338\" frameborder=\"0\" marginwidth=\"0\" marginheight=\"0\" scrolling=\"no\"><\/iframe>\n<\/div><\/figure>\n","protected":false},"excerpt":{"rendered":"","protected":false},"author":2,"featured_media":0,"parent":0,"menu_order":0,"comment_status":"closed","ping_status":"closed","template":"","meta":{"footnotes":""},"class_list":["post-866","page","type-page","status-publish","hentry"],"_links":{"self":[{"href":"https:\/\/trojcazambrow.pl\/index.php\/wp-json\/wp\/v2\/pages\/866","targetHints":{"allow":["GET"]}}],"collection":[{"href":"https:\/\/trojcazambrow.pl\/index.php\/wp-json\/wp\/v2\/pages"}],"about":[{"href":"https:\/\/trojcazambrow.pl\/index.php\/wp-json\/wp\/v2\/types\/page"}],"author":[{"embeddable":true,"href":"https:\/\/trojcazambrow.pl\/index.php\/wp-json\/wp\/v2\/users\/2"}],"replies":[{"embeddable":true,"href":"https:\/\/trojcazambrow.pl\/index.php\/wp-json\/wp\/v2\/comments?post=866"}],"version-history":[{"count":8,"href":"https:\/\/trojcazambrow.pl\/index.php\/wp-json\/wp\/v2\/pages\/866\/revisions"}],"predecessor-version":[{"id":988,"href":"https:\/\/trojcazambrow.pl\/index.php\/wp-json\/wp\/v2\/pages\/866\/revisions\/988"}],"wp:attachment":[{"href":"https:\/\/trojcazambrow.pl\/index.php\/wp-json\/wp\/v2\/media?parent=866"}],"curies":[{"name":"wp","href":"https:\/\/api.w.org\/{rel}","templated":true}]}}