{"id":983,"date":"2021-09-03T05:09:16","date_gmt":"2021-09-03T06:09:16","guid":{"rendered":"http:\/\/trojcazambrow.pl\/?page_id=983"},"modified":"2021-09-03T05:09:18","modified_gmt":"2021-09-03T06:09:18","slug":"katecheza-na-5-wrzesnia-2021-r","status":"publish","type":"page","link":"https:\/\/trojcazambrow.pl\/index.php\/katecheza-na-5-wrzesnia-2021-r\/","title":{"rendered":"Katecheza na 5 wrze\u015bnia 2021 r."},"content":{"rendered":"\n<p><strong>\u015amier\u0107 i pogrzeb Prymasa Wyszy\u0144skiego<\/strong><\/p>\n\n\n\n<p>\u00a0\u00a0\u00a0\u00a0\u00a0\u00a0\u00a0\u00a0\u00a0\u00a0\u00a0 Kard. Stefan Wyszy\u0144ski zmar\u0142 28 maja 1981 roku o 4.40 nad ranem, w uroczysto\u015b\u0107 Wniebowst\u0105pienia Pa\u0144skiego, w miesi\u0105cu po\u015bwi\u0119conym Maryi, kt\u00f3rej zawierzy\u0142 ca\u0142e swoje \u017cycie. W sierpniu mia\u0142 sko\u0144czy\u0107 80 lat. Jerzy Turowicz napisa\u0142: \u201eOdszed\u0142 od nas cz\u0142owiek, kt\u00f3ry przez lat ponad 30 kierowa\u0142 losami Ko\u015bcio\u0142a w Polsce, cz\u0142owiek uznany powszechnie za duchowego przyw\u00f3dc\u0119 narodu, ten, kt\u00f3rego historia oceni jako jedn\u0105 z najwi\u0119kszych postaci naszych dziej\u00f3w. Jest co\u015b niesamowitego w fakcie, \u017ce odszed\u0142 od nas niemal w tej samej chwili, w kt\u00f3rej, jak\u017ce niewiele brakowa\u0142o, a by\u0142by odszed\u0142 tak\u017ce papie\u017c Jan Pawe\u0142 II, ten, kt\u00f3ry wraz z Ksi\u0119dzem Prymasem i przy jego boku przez wiele lat budowa\u0142 wsp\u00f3lnot\u0119 chrze\u015bcija\u0144sk\u0105 w naszym kraju\u201d.<\/p>\n\n\n\n<p>&nbsp;&nbsp;&nbsp;&nbsp;&nbsp;&nbsp;&nbsp;&nbsp;&nbsp;&nbsp;&nbsp; \u015amier\u0107 i pogrzeb Prymasa nast\u0105pi\u0142y w czasach, kt\u00f3rych po cz\u0119\u015bci on sam by\u0142 re\u017cyserem. Przez ponad 30 lat broni\u0142 obecno\u015bci religii i Ko\u015bcio\u0142a w \u017cyciu narodu. Broni\u0142 polskiej tradycji i to\u017csamo\u015bci, praw cz\u0142owieka i praw narodu. Z perspektywy lat lepiej wida\u0107, \u017ce bez jego wiary i mocy duchowej, bez umacniania masowej religijno\u015bci, nie by\u0142oby odporu systemowej ateizacji i laicyzacji Polak\u00f3w.<\/p>\n\n\n\n<p>&nbsp;&nbsp;&nbsp;&nbsp;&nbsp;&nbsp;&nbsp;&nbsp;&nbsp;&nbsp;&nbsp; Pogrzeb odby\u0142 si\u0119 w niedziel\u0119 31 maja. Kilkukilometrow\u0105 tras\u0119, kt\u00f3r\u0105 szed\u0142 kondukt \u017ca\u0142obny z trumn\u0105 Prymasa, ludzie pokryli \u015bwie\u017cymi kwiatami. Od ko\u015bcio\u0142a seminaryjnego przy Krakowskim Przedmie\u015bciu na Plac Zwyci\u0119stwa, gdzie odby\u0142a si\u0119 Msza pogrzebowa, i dalej na Plac Zamkowy a\u017c do katedry \u015bw. Jana na Starym Mie\u015bcie. Mszy koncelebrowanej przewodniczy\u0142 specjalny wys\u0142annik papie\u017ca kard. Agostino Casaroli. Trumn\u0119 ustawiono na katafalku okrytym amarantowym suknem. Sta\u0142a przy Krzy\u017cu, tym samym, przy kt\u00f3rym dwa lata wcze\u015bniej, w czerwcu 1979 roku, odprawi\u0142 Eucharysti\u0119 Jan Pawe\u0142 II, przywo\u0142uj\u0105c Ducha \u015awi\u0119tego, by odnowi\u0142 nasz\u0105 ziemi\u0119.<\/p>\n\n\n\n<p>&nbsp;&nbsp;&nbsp;&nbsp;&nbsp;&nbsp;&nbsp;&nbsp;&nbsp;&nbsp;&nbsp; Pogrzeb Prymasa Wyszy\u0144skiego by\u0142 wielk\u0105 manifestacj\u0105 religijno \u2013 patriotyczn\u0105. W t\u0142umie wida\u0107 by\u0142o nieprzeliczone flagi Solidarno\u015bci. Zwi\u0105zkowcy na szarfie wie\u0144ca z\u0142o\u017conego w ho\u0142dzie Kardyna\u0142owi napisali: \u201eNiekoronowanemu kr\u00f3lowi Polski. Interreksowi \u2013 kt\u00f3rym nie chcia\u0142 by\u0107, a sta\u0142 si\u0119 nim mimo woli\u201d. \u201eTakiego ojca i pasterza B\u00f3g daje raz na 1000 lat\u201d, g\u0142osi\u0142 napis na wielkim transparencie przypominaj\u0105cy s\u0142owa Jana Paw\u0142a II wypowiedziane w czasie pierwszej pielgrzymki do Ojczyzny.<\/p>\n\n\n\n<p>&nbsp;&nbsp;&nbsp;&nbsp;&nbsp;&nbsp;&nbsp;&nbsp;&nbsp;&nbsp;&nbsp; Od 20 maja 1989 roku trwa\u0142 proces beatyfikacyjny kard. Stefana Wyszy\u0144skiego. W jego trakcie, 28 maja 2013 roku, zosta\u0142 uznany cud za wstawiennictwem S\u0142ugi Bo\u017cego Ksi\u0119dza Prymasa. Trybuna\u0142 uzna\u0142 za niewyt\u0142umaczalne z medycznego punktu widzenia uzdrowienie m\u0142odej kobiety z nowotworu tarczycy. \u201eW czasie \u015bmiertelnej choroby m\u0142odej osoby grupa si\u00f3str zakonnych i inne osoby \u017carliwie modli\u0142y si\u0119 do Boga za wstawiennictwem S\u0142ugi Bo\u017cego Stefana Kardyna\u0142a Wyszy\u0144skiego. Panuje g\u0142\u0119bokie przekonanie, \u017ce uzdrowienie nast\u0105pi\u0142o za jego wstawiennictwem\u201d &#8211; napisano w komunikacie ko\u0144cz\u0105cym diecezjalny etap procesu.<\/p>\n\n\n\n<p>&nbsp;&nbsp;&nbsp;&nbsp;&nbsp;&nbsp;&nbsp;&nbsp;&nbsp;&nbsp;&nbsp; Ju\u017c za tydzie\u0144, 12 wrze\u015bnia 2021 roku, b\u0119dziemy \u015bwiadkami d\u0142ugo oczekiwanej beatyfikacji, kt\u00f3ra dokona si\u0119 w \u015awi\u0105tyni Opatrzno\u015bci Bo\u017cej w Warszawie.&nbsp; Radujmy si\u0119 z faktu, i\u017c to w\u0142a\u015bnie Opatrzno\u015b\u0107 Bo\u017ca daje nam kolejnego, wielkiego \u015bwiadka wiary, or\u0119downika&nbsp; u Boga w modlitwie za Ko\u015bci\u00f3\u0142, Polsk\u0119 i za nas samych.&nbsp;&nbsp;<\/p>\n","protected":false},"excerpt":{"rendered":"\u015amier\u0107 i pogrzeb Prymasa Wyszy\u0144skiego \u00a0\u00a0\u00a0\u00a0\u00a0\u00a0\u00a0\u00a0\u00a0\u00a0\u00a0 Kard. Stefan Wyszy\u0144ski zmar\u0142 28 maja 1981 roku o 4.40 nad ranem, w uroczysto\u015b\u0107 Wniebowst\u0105pienia Pa\u0144skiego, w miesi\u0105cu po\u015bwi\u0119conym Maryi, kt\u00f3rej zawierzy\u0142 ca\u0142e swoje \u017cycie. W sierpniu mia\u0142 sko\u0144czy\u0107 80 lat. Jerzy Turowicz napisa\u0142: \u201eOdszed\u0142 od nas cz\u0142owiek, kt\u00f3ry przez lat ponad 30 kierowa\u0142&hellip;\n","protected":false},"author":2,"featured_media":0,"parent":0,"menu_order":0,"comment_status":"closed","ping_status":"closed","template":"","meta":{"footnotes":""},"class_list":["post-983","page","type-page","status-publish","hentry"],"_links":{"self":[{"href":"https:\/\/trojcazambrow.pl\/index.php\/wp-json\/wp\/v2\/pages\/983","targetHints":{"allow":["GET"]}}],"collection":[{"href":"https:\/\/trojcazambrow.pl\/index.php\/wp-json\/wp\/v2\/pages"}],"about":[{"href":"https:\/\/trojcazambrow.pl\/index.php\/wp-json\/wp\/v2\/types\/page"}],"author":[{"embeddable":true,"href":"https:\/\/trojcazambrow.pl\/index.php\/wp-json\/wp\/v2\/users\/2"}],"replies":[{"embeddable":true,"href":"https:\/\/trojcazambrow.pl\/index.php\/wp-json\/wp\/v2\/comments?post=983"}],"version-history":[{"count":1,"href":"https:\/\/trojcazambrow.pl\/index.php\/wp-json\/wp\/v2\/pages\/983\/revisions"}],"predecessor-version":[{"id":984,"href":"https:\/\/trojcazambrow.pl\/index.php\/wp-json\/wp\/v2\/pages\/983\/revisions\/984"}],"wp:attachment":[{"href":"https:\/\/trojcazambrow.pl\/index.php\/wp-json\/wp\/v2\/media?parent=983"}],"curies":[{"name":"wp","href":"https:\/\/api.w.org\/{rel}","templated":true}]}}